{"id":10,"date":"2025-01-21T15:25:10","date_gmt":"2025-01-21T14:25:10","guid":{"rendered":"https:\/\/www.jarabskypolmaraton.sk\/?page_id=10"},"modified":"2025-08-25T09:12:38","modified_gmt":"2025-08-25T07:12:38","slug":"info","status":"publish","type":"page","link":"https:\/\/www.jarabskypolmaraton.sk\/","title":{"rendered":"\u00davod"},"content":{"rendered":"<p>[et_pb_section fb_built=&#8220;1&#8243; _builder_version=&#8220;4.27.4&#8243; _module_preset=&#8220;default&#8220; background_image=&#8220;https:\/\/www.jarabskypolmaraton.sk\/wp-content\/uploads\/2025\/07\/jarabsky-polmaraton6.jpg&#8220; global_colors_info=&#8220;{}&#8220;][et_pb_row _builder_version=&#8220;4.27.4&#8243; _module_preset=&#8220;default&#8220; max_width=&#8220;100%&#8220; global_colors_info=&#8220;{}&#8220;][et_pb_column type=&#8220;4_4&#8243; _builder_version=&#8220;4.27.4&#8243; _module_preset=&#8220;default&#8220; global_colors_info=&#8220;{}&#8220;][et_pb_image src=&#8220;https:\/\/www.jarabskypolmaraton.sk\/wp-content\/uploads\/2025\/04\/032025_Jaraba_Jaraba_Page-cover_1640x720px_B.png&#8220; title_text=&#8220;032025_Jarab\u00e1_Jarab\u00e1_Page cover_1640x720px_B&#8220; align=&#8220;center&#8220; _builder_version=&#8220;4.27.4&#8243; _module_preset=&#8220;default&#8220; global_colors_info=&#8220;{}&#8220;][\/et_pb_image][\/et_pb_column][\/et_pb_row][\/et_pb_section][et_pb_section fb_built=&#8220;1&#8243; _builder_version=&#8220;4.27.4&#8243; _module_preset=&#8220;default&#8220; global_colors_info=&#8220;{}&#8220;][et_pb_row _builder_version=&#8220;4.27.4&#8243; _module_preset=&#8220;default&#8220; global_colors_info=&#8220;{}&#8220;][et_pb_column type=&#8220;4_4&#8243; _builder_version=&#8220;4.27.4&#8243; _module_preset=&#8220;default&#8220; global_colors_info=&#8220;{}&#8220;][et_pb_text _builder_version=&#8220;4.27.4&#8243; _module_preset=&#8220;default&#8220; link_font=&#8220;|700|||on|||#8AC63C|&#8220; link_text_color=&#8220;#8AC63C&#8220; global_colors_info=&#8220;{}&#8220;]<\/p>\n<p><strong>Be\u017eeck\u00e1 v\u00fdzva v srdci N\u00edzkych Tatier<\/strong><\/p>\n<p>Vitajte na ofici\u00e1lnej str\u00e1nke Jarabsk\u00e9ho polmarat\u00f3nu \u2013 jedine\u010dn\u00e9ho horsk\u00e9ho behu, ktor\u00fd v\u00e1s zavedie do malebnej obce Jarab\u00e1 a n\u00e1dhern\u00e9ho centr\u00e1lneho hrebe\u0148a N\u00edzkych Tatier.<\/p>\n<p>Tento trailov\u00fd pretek (Sky Race) s d\u013a\u017ekou 22,1 km nie je len o v\u00fdkone, ale aj o z\u00e1\u017eitku. N\u00e1ro\u010dn\u00e1 trasa pln\u00e1 st\u00fapan\u00ed, klesan\u00ed a technick\u00e9ho ter\u00e9nu prever\u00ed ka\u017ed\u00e9ho be\u017eca \u2013 no z\u00e1rove\u0148 ka\u017ed\u00e9ho odmen\u00ed nezabudnute\u013en\u00fdmi v\u00fdh\u013eadmi a siln\u00fdm pocitom, \u017ee ste to zvl\u00e1dli.<\/p>\n<p><strong>\u010co rob\u00ed Jarabsk\u00fd polmarat\u00f3n v\u00fdnimo\u010dn\u00fdm?<\/strong><\/p>\n<p>\u2022 Trasa vedie cez \u010dist\u00fa pr\u00edrodu, lesy a horsk\u00e9 chodn\u00edky<br \/>\u2022 Ide\u00e1lny pre milovn\u00edkov trailov\u00e9ho behu a akt\u00edvneho oddychu<br \/>\u2022 Atmosf\u00e9ra komunity, kde si ka\u017ed\u00fd n\u00e1jde svoje miesto \u2013 od prof\u00edkov po rekrea\u010dn\u00fdch be\u017ecov<\/p>\n<p><strong>Ako to cel\u00e9 za\u010dalo<\/strong><\/p>\n<p>E\u0161te predt\u00fdm, ako vznikol Jarabsk\u00fd polmarat\u00f3n, sa partia be\u017ecov a kamar\u00e1tov stret\u00e1vala na kamar\u00e1tskom preteku s kr\u00e1sne \u013eudov\u00fdm n\u00e1zvom: \u201eCho\u010f ako m\u00f4\u017ee\u0161 okolo Jarabej\u201c.<\/p>\n<p>Bez \u0161tartov\u00e9ho \u010d\u00edsla, bez \u010dasomiery \u2013 len trasa, nohy, dobr\u00e1 n\u00e1lada a \u010ciko a Chata Jarabat\u00e1.<br \/>Toto spont\u00e1nne podujatie, ktor\u00e9 \u010ciko vymyslel (+\/- v roku 2005) ako be\u017eeck\u00fa pr\u00edpravu pred Psotkov\u00fdm memori\u00e1lom, dalo z\u00e1klad tomu, \u010do dnes pozn\u00e1me ako Jarabsk\u00fd polmarat\u00f3n.<\/p>\n<p>Aj ke\u010f dnes be\u017e\u00edme ako pretek\u00e1ri, duch &#8222;Cho\u010f ako m\u00f4\u017ee\u0161&#8220; zost\u00e1va v n\u00e1s \u2013 nie je d\u00f4le\u017eit\u00e9 vyhra\u0165, ale pr\u00eds\u0165, be\u017ea\u0165 a za\u017ei\u0165!<\/p>\n<p><strong>Ako to prebieha teraz<\/strong><\/p>\n<p><span>Hist\u00f3ria podujatia v novom \u0161ate siaha do roku 2015, kde sa z p\u00f4vodn\u00e9ho z\u00e1meru zrodil Jarabsk\u00fd polmarat\u00f3n, ktor\u00fd si r\u00fdchlo z\u00edskal srdcia be\u017ecov z cel\u00e9ho Slovenska. Aj ke\u010f \u201epolmarat\u00f3n\u201c nie sme v pravom duchu ka\u017ed\u00fd rok, ide n\u00e1m o stretnutie a dobre si zapreteka\u0165. Tra\u0165 \u2013 aj v\u010faka v\u00fdvoju po\u010dasia \u2013 mala v niektor\u00fdch rokoch len cca 17 km, no n\u00e1zov zostal. Predsa po\u010dasie si \u010dlovek nevyber\u00e1 a tra\u0165 sme museli zmeni\u0165. A\u017e teraz v roku 2025 sa n\u00e1m rysuje <a href=\"https:\/\/mapy.com\/sk\/turisticka?planovani-trasy&amp;dim=6791fa1778e1823bcb4cdd23&amp;x=19.6814858&amp;y=48.9094760&amp;z=14\" target=\"_blank\" rel=\"noopener\">nov\u00e1 tra\u0165<\/a>, ktor\u00e1 by mohla by\u0165 na p\u00e1r ro\u010dn\u00edkov etablovan\u00e1, no st\u00e1le to nie je polmarat\u00f3n<\/span><span>\ud83d\ude0a<\/span><span> (tra\u0165 m\u00e1 aktu\u00e1lne 22,1km).<\/span><\/p>\n<p><strong>V\u00fdsledky v skratke:<\/strong><\/p>\n<p>\u2022 2015\u20132016 \u2013 v\u00fdsledky nezn\u00e1me, e\u0161te sme to nebrali tak v\u00e1\u017ene \ud83d\ude0a<br \/>\u2022 2017 \u2013 P. Fra\u0148o 2:03:06 | P. \u0160uhajdov\u00e1 2:50:56<br \/>\u2022 2018 \u2013 P. Fra\u0148o 2:05:00 | L. Hiklov\u00e1 2:36:32<br \/>\u2022 2019 \u2013 zru\u0161en\u00e9 pre po\u010dasie<br \/>\u2022 2020 \u2013 zru\u0161en\u00e9 pre Covid-19<br \/>\u2022 2021 \u2013 P. Fra\u0148o 1:50:53 | P. Lorkov\u00e1 2:25:54<br \/>\u2022 2022 \u2013 T. Repka 2:05:11 | T. Poliakov\u00e1-Mihalovi\u010dov\u00e1 2:20:23<br \/>\u2022 2023 \u2013 skr\u00e1ten\u00e1 tra\u0165 (cca 17 km): A. Sarva\u0161 1:40:51 | T. Poliakov\u00e1-Mihalovi\u010dov\u00e1 1:57:46<br \/>\u2022 2024 \u2013 tra\u0165 ako v roku 2023: M. Halasz 1:37:53 | V. Slivkov\u00e1 1:55:10<\/p>\n<p><strong>A \u010do \u010falej?<\/strong><\/p>\n<p>Toto ka\u017edoro\u010dn\u00e9 stret\u00e1vanie sa \u2013 pokia\u013e n\u00e1m to po\u010dasie alebo svetov\u00e9 epid\u00e9mie dovolia \u2013 bav\u00ed a Vy n\u00e1s pos\u00favate \u010falej.<\/p>\n<p>V dne\u0161nej podobe m\u00e1 tra\u0165 prvky prav\u00e9ho Sky Race-u, a preto sme sa uch\u00e1dzali o zaradenie preteku do Slovenskej skyrunnigovej ligy \u010do sa n\u00e1m pre rok 2025 prv\u00fd kr\u00e1t podarilo, tak\u017ee sa m\u00e1te na \u010do te\u0161i\u0165 s novou tra\u0165ou.<\/p>\n<p><strong>\u010eakujeme, \u017ee ste pri n\u00e1s<\/strong><\/p>\n<p>Jarabsk\u00fd polmarat\u00f3n by neexistoval bez v\u00e1s \u2013 be\u017ecov, fan\u00fa\u0161ikov, dobrovo\u013en\u00edkov, organiz\u00e1torov a sponzorov. \u010eakujeme za podporu, energiu a chu\u0165 by\u0165 s\u00fa\u010das\u0165ou nie\u010doho v\u00fdnimo\u010dn\u00e9ho.<\/p>\n<p>Vid\u00edme sa op\u00e4\u0165, tradi\u010dne prv\u00fd okt\u00f3brov\u00fd v\u00edkend!<\/p>\n<p>Va\u0161i,<br \/><strong>\u010ciko, Plcho, Mi\u0161o, Marek a t\u00edm okolo Jarabsk\u00e9ho polmarat\u00f3nu.<\/strong><\/p>\n<p>[\/et_pb_text][\/et_pb_column][\/et_pb_row][\/et_pb_section][et_pb_section fb_built=&#8220;1&#8243; module_id=&#8220;registracia&#8220; _builder_version=&#8220;4.27.4&#8243; _module_preset=&#8220;default&#8220; use_background_color_gradient=&#8220;on&#8220; background_color_gradient_stops=&#8220;#000000 0%|rgba(255,255,255,0) 100%&#8220; background_color_gradient_overlays_image=&#8220;on&#8220; background_image=&#8220;https:\/\/www.jarabskypolmaraton.sk\/wp-content\/uploads\/2025\/07\/\u00a9wisthaler.com_24_07_dynafit__HW96712-scaled.jpg&#8220; custom_padding=&#8220;150px||150px||true|&#8220; global_colors_info=&#8220;{}&#8220;][et_pb_row _builder_version=&#8220;4.27.4&#8243; _module_preset=&#8220;default&#8220; global_colors_info=&#8220;{}&#8220;][et_pb_column type=&#8220;4_4&#8243; _builder_version=&#8220;4.27.4&#8243; _module_preset=&#8220;default&#8220; global_colors_info=&#8220;{}&#8220;][et_pb_button button_url=&#8220;https:\/\/registrujsa.sk&#8220; url_new_window=&#8220;on&#8220; button_text=&#8220;Registr\u00e1cia&#8220; button_alignment=&#8220;center&#8220; _builder_version=&#8220;4.27.4&#8243; _module_preset=&#8220;default&#8220; custom_button=&#8220;on&#8220; button_text_color=&#8220;#FFFFFF&#8220; button_bg_color=&#8220;#8AC63C&#8220; button_border_color=&#8220;RGBA(255,255,255,0)&#8220; button_font=&#8220;|700|||||||&#8220; global_colors_info=&#8220;{}&#8220;][\/et_pb_button][\/et_pb_column][\/et_pb_row][\/et_pb_section][et_pb_section fb_built=&#8220;1&#8243; module_id=&#8220;propozicie&#8220; _builder_version=&#8220;4.27.4&#8243; _module_preset=&#8220;default&#8220; background_image=&#8220;https:\/\/www.jarabskypolmaraton.sk\/wp-content\/uploads\/2025\/07\/prop_back-1.jpg&#8220; custom_padding=&#8220;||||false|false&#8220; global_colors_info=&#8220;{}&#8220;][et_pb_row column_structure=&#8220;1_3,1_3,1_3&#8243; _builder_version=&#8220;4.27.4&#8243; _module_preset=&#8220;default&#8220; global_colors_info=&#8220;{}&#8220;][et_pb_column type=&#8220;1_3&#8243; _builder_version=&#8220;4.27.4&#8243; _module_preset=&#8220;default&#8220; global_colors_info=&#8220;{}&#8220;][et_pb_blurb url=&#8220;https:\/\/www.jarabskypolmaraton.sk\/wp-content\/uploads\/2025\/08\/jaraba_propozicie_24.pdf&#8220; image=&#8220;https:\/\/www.jarabskypolmaraton.sk\/wp-content\/uploads\/2025\/08\/prop_2024-1.jpg&#8220; _builder_version=&#8220;4.27.4&#8243; _module_preset=&#8220;default&#8220; link_option_url_new_window=&#8220;on&#8220; locked=&#8220;off&#8220; global_colors_info=&#8220;{}&#8220;][\/et_pb_blurb][\/et_pb_column][et_pb_column type=&#8220;1_3&#8243; _builder_version=&#8220;4.27.4&#8243; _module_preset=&#8220;default&#8220; global_colors_info=&#8220;{}&#8220;][et_pb_blurb url=&#8220;https:\/\/www.jarabskypolmaraton.sk\/wp-content\/uploads\/2025\/08\/jarabsky-propozicie-2025.pdf&#8220; image=&#8220;https:\/\/www.jarabskypolmaraton.sk\/wp-content\/uploads\/2025\/08\/prop_2025-1.jpg&#8220; _builder_version=&#8220;4.27.4&#8243; _module_preset=&#8220;default&#8220; link_option_url_new_window=&#8220;on&#8220; hover_enabled=&#8220;0&#8243; global_colors_info=&#8220;{}&#8220; sticky_enabled=&#8220;0&#8243;][\/et_pb_blurb][\/et_pb_column][et_pb_column type=&#8220;1_3&#8243; _builder_version=&#8220;4.27.4&#8243; _module_preset=&#8220;default&#8220; global_colors_info=&#8220;{}&#8220;][\/et_pb_column][\/et_pb_row][\/et_pb_section][et_pb_section fb_built=&#8220;1&#8243; module_id=&#8220;vysledky&#8220; _builder_version=&#8220;4.27.4&#8243; _module_preset=&#8220;default&#8220; use_background_color_gradient=&#8220;on&#8220; background_color_gradient_direction=&#8220;143deg&#8220; background_color_gradient_stops=&#8220;#8ac63c 0%|rgba(255,255,255,0) 95%&#8220; background_color_gradient_overlays_image=&#8220;on&#8220; background_image=&#8220;https:\/\/www.jarabskypolmaraton.sk\/wp-content\/uploads\/2025\/07\/vysledky_back-1.jpg&#8220; global_colors_info=&#8220;{}&#8220;][et_pb_row column_structure=&#8220;1_3,1_3,1_3&#8243; _builder_version=&#8220;4.27.4&#8243; _module_preset=&#8220;default&#8220; global_colors_info=&#8220;{}&#8220;][et_pb_column type=&#8220;1_3&#8243; _builder_version=&#8220;4.27.4&#8243; _module_preset=&#8220;default&#8220; global_colors_info=&#8220;{}&#8220;][\/et_pb_column][et_pb_column type=&#8220;1_3&#8243; _builder_version=&#8220;4.27.4&#8243; _module_preset=&#8220;default&#8220; global_colors_info=&#8220;{}&#8220;][et_pb_blurb title=&#8220;2024&#8243; url=&#8220;https:\/\/registrujsa.sk\/downloads\/results24\/vysledkova_listina_jaraba_2024.pdf&#8220; url_new_window=&#8220;on&#8220; image=&#8220;https:\/\/www.jarabskypolmaraton.sk\/wp-content\/uploads\/2025\/07\/jarabsky-polmaraton1.jpg&#8220; _builder_version=&#8220;4.27.4&#8243; _module_preset=&#8220;default&#8220; header_font=&#8220;|700|||||||&#8220; header_text_align=&#8220;center&#8220; header_text_color=&#8220;#000000&#8243; header_font_size=&#8220;36px&#8220; body_text_color=&#8220;#383838&#8243; link_option_url_new_window=&#8220;on&#8220; border_radii_image=&#8220;on|10px|10px|10px|10px&#8220; global_colors_info=&#8220;{}&#8220;]<\/p>\n<p style=\"text-align: center;\">Pozrite si kompletn\u00e9 v\u00fdsledky ro\u010dn\u00edka 2024.<\/p>\n<p>[\/et_pb_blurb][et_pb_button button_url=&#8220;https:\/\/registrujsa.sk\/downloads\/results24\/vysledkova_listina_jaraba_2024.pdf&#8220; url_new_window=&#8220;on&#8220; button_text=&#8220;viac&#8220; button_alignment=&#8220;center&#8220; _builder_version=&#8220;4.27.4&#8243; _module_preset=&#8220;default&#8220; custom_button=&#8220;on&#8220; button_text_color=&#8220;#FFFFFF&#8220; button_bg_color=&#8220;#8AC63C&#8220; button_border_color=&#8220;RGBA(255,255,255,0)&#8220; button_font=&#8220;|700|||||||&#8220; locked=&#8220;off&#8220; global_colors_info=&#8220;{}&#8220;][\/et_pb_button][\/et_pb_column][et_pb_column type=&#8220;1_3&#8243; _builder_version=&#8220;4.27.4&#8243; _module_preset=&#8220;default&#8220; global_colors_info=&#8220;{}&#8220;][\/et_pb_column][\/et_pb_row][\/et_pb_section][et_pb_section fb_built=&#8220;1&#8243; module_id=&#8220;galeria&#8220; _builder_version=&#8220;4.27.4&#8243; _module_preset=&#8220;default&#8220; background_image=&#8220;https:\/\/www.jarabskypolmaraton.sk\/wp-content\/uploads\/2025\/07\/gal_back.jpg&#8220; global_colors_info=&#8220;{}&#8220;][et_pb_row _builder_version=&#8220;4.27.4&#8243; _module_preset=&#8220;default&#8220; global_colors_info=&#8220;{}&#8220;][et_pb_column type=&#8220;4_4&#8243; _builder_version=&#8220;4.27.4&#8243; _module_preset=&#8220;default&#8220; global_colors_info=&#8220;{}&#8220;][et_pb_gallery gallery_ids=&#8220;52,51,50,49,48,47,46&#8243; posts_number=&#8220;8&#8243; show_title_and_caption=&#8220;off&#8220; zoom_icon_color=&#8220;#FFFFFF&#8220; hover_overlay_color=&#8220;rgba(138,198,60,0.5)&#8220; _builder_version=&#8220;4.27.4&#8243; _module_preset=&#8220;default&#8220; border_radii=&#8220;on|10px|10px|10px|10px&#8220; global_colors_info=&#8220;{}&#8220;][\/et_pb_gallery][et_pb_button button_url=&#8220;https:\/\/www.facebook.com\/jarabskypolmaraton\/photos&#8220; url_new_window=&#8220;on&#8220; button_text=&#8220;viac&#8220; button_alignment=&#8220;center&#8220; _builder_version=&#8220;4.27.4&#8243; _module_preset=&#8220;default&#8220; custom_button=&#8220;on&#8220; button_text_color=&#8220;#FFFFFF&#8220; button_bg_color=&#8220;#8AC63C&#8220; button_border_color=&#8220;RGBA(255,255,255,0)&#8220; button_font=&#8220;|700|||||||&#8220; locked=&#8220;off&#8220; global_colors_info=&#8220;{}&#8220;][\/et_pb_button][\/et_pb_column][\/et_pb_row][\/et_pb_section][et_pb_section fb_built=&#8220;1&#8243; module_id=&#8220;kontakt&#8220; _builder_version=&#8220;4.27.4&#8243; _module_preset=&#8220;default&#8220; use_background_color_gradient=&#8220;on&#8220; background_color_gradient_stops=&#8220;#8ac63c 0%|#ffffff 71%&#8220; global_colors_info=&#8220;{}&#8220;][et_pb_row column_structure=&#8220;1_2,1_2&#8243; _builder_version=&#8220;4.27.4&#8243; _module_preset=&#8220;default&#8220; global_colors_info=&#8220;{}&#8220;][et_pb_column type=&#8220;1_2&#8243; _builder_version=&#8220;4.27.4&#8243; _module_preset=&#8220;default&#8220; global_colors_info=&#8220;{}&#8220;][et_pb_text _builder_version=&#8220;4.27.4&#8243; _module_preset=&#8220;default&#8220; text_font_size=&#8220;18px&#8220; global_colors_info=&#8220;{}&#8220;]<\/p>\n<p style=\"text-align: center;\"><strong>\ud83d\udccdMiesto konania:<\/strong><\/p>\n<p style=\"text-align: center;\">Chata Jarabat\u00e1 (u \u010cika)<br \/>Jarab\u00e1 31, 977 01 Jarab\u00e1, Slovensko<br \/>chata-jarabata-u-cika.eatbu.com<br \/>GPS s\u00faradnice:<br \/>48.8333\u00b0 N, 19.4667\u00b0 E<\/p>\n<p>[\/et_pb_text][et_pb_code _builder_version=&#8220;4.27.4&#8243; _module_preset=&#8220;default&#8220; global_colors_info=&#8220;{}&#8220;]<iframe src=\"https:\/\/www.google.com\/maps\/embed?pb=!1m17!1m12!1m3!1d2626.306087531!2d19.46412507646299!3d48.8332999713287!2m3!1f0!2f0!3f0!3m2!1i1024!2i768!4f13.1!3m2!1m1!2zNDjCsDQ5JzU5LjkiTiAxOcKwMjgnMDAuMSJF!5e0!3m2!1ssk!2ssk!4v1753167617879!5m2!1ssk!2ssk\" width=\"600\" height=\"300\" style=\"border:0;\" allowfullscreen=\"\" loading=\"lazy\" referrerpolicy=\"no-referrer-when-downgrade\"><\/iframe>[\/et_pb_code][\/et_pb_column][et_pb_column type=&#8220;1_2&#8243; _builder_version=&#8220;4.27.4&#8243; _module_preset=&#8220;default&#8220; global_colors_info=&#8220;{}&#8220;][et_pb_text _builder_version=&#8220;4.27.4&#8243; _module_preset=&#8220;default&#8220; text_font_size=&#8220;18px&#8220; global_colors_info=&#8220;{}&#8220;]<\/p>\n<p style=\"text-align: center;\"><strong>\ud83d\udccdS\u00eddlo organiz\u00e1tora:<\/strong><\/p>\n<p style=\"text-align: center;\">Jarabsk\u00fd polmarat\u00f3n<br \/>Outdoor Nemeck\u00e1, s.r.o.<br \/>Hronsk\u00e1 2, 976 97 Nemeck\u00e1, Slovensko<\/p>\n<p>[\/et_pb_text][et_pb_image src=&#8220;https:\/\/www.jarabskypolmaraton.sk\/wp-content\/uploads\/2025\/07\/dual_logo_transparent-scaled.png&#8220; title_text=&#8220;dual_logo_transparent&#8220; align=&#8220;center&#8220; _builder_version=&#8220;4.27.4&#8243; _module_preset=&#8220;default&#8220; height=&#8220;157px&#8220; custom_padding=&#8220;50px||||false|false&#8220; global_colors_info=&#8220;{}&#8220;][\/et_pb_image][\/et_pb_column][\/et_pb_row][et_pb_row column_structure=&#8220;1_4,1_4,1_4,1_4&#8243; _builder_version=&#8220;4.27.4&#8243; _module_preset=&#8220;default&#8220; global_colors_info=&#8220;{}&#8220;][et_pb_column type=&#8220;1_4&#8243; _builder_version=&#8220;4.27.4&#8243; _module_preset=&#8220;default&#8220; global_colors_info=&#8220;{}&#8220;][et_pb_blurb title=&#8220;preteky@geosport.sk&#8220; url=&#8220;mailto:preteky@geosport.sk&#8220; url_new_window=&#8220;on&#8220; use_icon=&#8220;on&#8220; font_icon=&#8220;&#xf0e0;||fa||900&#8243; icon_color=&#8220;#000000&#8243; _builder_version=&#8220;4.27.4&#8243; _module_preset=&#8220;default&#8220; header_text_align=&#8220;center&#8220; link_option_url_new_window=&#8220;on&#8220; global_colors_info=&#8220;{}&#8220;][\/et_pb_blurb][\/et_pb_column][et_pb_column type=&#8220;1_4&#8243; _builder_version=&#8220;4.27.4&#8243; _module_preset=&#8220;default&#8220; global_colors_info=&#8220;{}&#8220;][et_pb_blurb title=&#8220;+421 908 736 011&#8243; url_new_window=&#8220;on&#8220; use_icon=&#8220;on&#8220; font_icon=&#8220;&#xf87b;||fa||900&#8243; icon_color=&#8220;#000000&#8243; _builder_version=&#8220;4.27.4&#8243; _module_preset=&#8220;default&#8220; header_text_align=&#8220;center&#8220; link_option_url_new_window=&#8220;on&#8220; locked=&#8220;off&#8220; global_colors_info=&#8220;{}&#8220;][\/et_pb_blurb][\/et_pb_column][et_pb_column type=&#8220;1_4&#8243; _builder_version=&#8220;4.27.4&#8243; _module_preset=&#8220;default&#8220; global_colors_info=&#8220;{}&#8220;][et_pb_blurb title=&#8220;@jarabsky_polmaraton&#8220; url=&#8220;https:\/\/www.instagram.com\/jarabsky_polmaraton\/&#8220; url_new_window=&#8220;on&#8220; use_icon=&#8220;on&#8220; font_icon=&#8220;&#xe0b1;||divi||400&#8243; icon_color=&#8220;#000000&#8243; _builder_version=&#8220;4.27.4&#8243; _module_preset=&#8220;default&#8220; header_text_align=&#8220;center&#8220; link_option_url_new_window=&#8220;on&#8220; locked=&#8220;off&#8220; global_colors_info=&#8220;{}&#8220;][\/et_pb_blurb][\/et_pb_column][et_pb_column type=&#8220;1_4&#8243; _builder_version=&#8220;4.27.4&#8243; _module_preset=&#8220;default&#8220; global_colors_info=&#8220;{}&#8220;][et_pb_blurb title=&#8220;Jarabsk\u00fd polmarat\u00f3n&#8220; url=&#8220;https:\/\/www.facebook.com\/jarabskypolmaraton&#8220; url_new_window=&#8220;on&#8220; use_icon=&#8220;on&#8220; font_icon=&#8220;&#xe0aa;||divi||400&#8243; icon_color=&#8220;#000000&#8243; _builder_version=&#8220;4.27.4&#8243; _module_preset=&#8220;default&#8220; header_text_align=&#8220;center&#8220; link_option_url_new_window=&#8220;on&#8220; locked=&#8220;off&#8220; global_colors_info=&#8220;{}&#8220;][\/et_pb_blurb][\/et_pb_column][\/et_pb_row][et_pb_row column_structure=&#8220;1_2,1_2&#8243; _builder_version=&#8220;4.27.4&#8243; _module_preset=&#8220;default&#8220; global_colors_info=&#8220;{}&#8220;][et_pb_column type=&#8220;1_2&#8243; _builder_version=&#8220;4.27.4&#8243; _module_preset=&#8220;default&#8220; global_colors_info=&#8220;{}&#8220;][et_pb_code _builder_version=&#8220;4.27.4&#8243; _module_preset=&#8220;default&#8220; global_colors_info=&#8220;{}&#8220;]<\/p>\n<form action=\"\/odoslat-formular\" method=\"post\" style=\"max-width:400px;\"> <label for=\"meno\">Meno:<\/label><!\u2013- [et_pb_br_holder] -\u2013> <input type=\"text\" id=\"meno\" name=\"meno\" required style=\"width:100%;\"><!\u2013- [et_pb_br_holder] -\u2013><!\u2013- [et_pb_br_holder] -\u2013><!-- [et_pb_line_break_holder] --><label for=\"email\">E-mail:<\/label><!\u2013- [et_pb_br_holder] -\u2013><!-- [et_pb_line_break_holder] --><input type=\"email\" id=\"email\" name=\"email\" required style=\"width:100%;\"><!\u2013- [et_pb_br_holder] -\u2013><!\u2013- [et_pb_br_holder] -\u2013><!-- [et_pb_line_break_holder] --><label for=\"sprava\">Spr\u00e1va:<\/label><!\u2013- [et_pb_br_holder] -\u2013><!-- [et_pb_line_break_holder] --><textarea id=\"sprava\" name=\"sprava\" rows=\"5\" required style=\"width:100%;\"><\/textarea><!\u2013- [et_pb_br_holder] -\u2013><!\u2013- [et_pb_br_holder] -\u2013><!-- [et_pb_line_break_holder] --><button type=\"submit\" style=\"padding:10px 20px; cursor:pointer;\">Odosla\u0165<\/button><!-- [et_pb_line_break_holder] --><\/form>\n<p>[\/et_pb_code][\/et_pb_column][et_pb_column type=&#8220;1_2&#8243; _builder_version=&#8220;4.27.4&#8243; _module_preset=&#8220;default&#8220; global_colors_info=&#8220;{}&#8220;][et_pb_text _builder_version=&#8220;4.27.4&#8243; _module_preset=&#8220;default&#8220; text_font=&#8220;|600|||||||&#8220; text_text_color=&#8220;#000000&#8243; text_font_size=&#8220;18px&#8220; global_colors_info=&#8220;{}&#8220;]<\/p>\n<p style=\"text-align: center;\">FAQ \u2013 \u010casto kladen\u00e9 ot\u00e1zky<\/p>\n<p>[\/et_pb_text][et_pb_toggle title=&#8220;1. Kedy a kde sa pretek kon\u00e1?&#8220; _builder_version=&#8220;4.27.4&#8243; _module_preset=&#8220;default&#8220; global_colors_info=&#8220;{}&#8220;]<\/p>\n<p>Pretek sa kon\u00e1 tradi\u010dne prv\u00fd okt\u00f3brov\u00fd v\u00edkend v obci Jarab\u00e1, N\u00edzke Tatry. Presn\u00fd d\u00e1tum na dan\u00fd rok zist\u00ed\u0161 v kateg\u00f3rii Propoz\u00edcie.<\/p>\n<p>[\/et_pb_toggle][et_pb_toggle title=&#8220;2. Ak\u00e1 je d\u013a\u017eka trate?&#8220; _builder_version=&#8220;4.27.4&#8243; _module_preset=&#8220;default&#8220; global_colors_info=&#8220;{}&#8220;]<\/p>\n<p>Aktu\u00e1lna tra\u0165 m\u00e1 pribli\u017ene 22,1 km, s n\u00e1ro\u010dn\u00fdm horsk\u00fdm ter\u00e9nom a prev\u00fd\u0161en\u00edm 1240 v\u00fd\u0161kov\u00fdch metrov.<\/p>\n<p>[\/et_pb_toggle][et_pb_toggle title=&#8220;3. Je tra\u0165 vhodn\u00e1 pre za\u010diato\u010dn\u00edkov?&#8220; _builder_version=&#8220;4.27.4&#8243; _module_preset=&#8220;default&#8220; global_colors_info=&#8220;{}&#8220;]<\/p>\n<p>Tra\u0165 je n\u00e1ro\u010dn\u00e1, ide\u00e1lna pre sk\u00fasenej\u0161\u00edch trailov\u00fdch be\u017ecov. Za\u010diato\u010dn\u00edkom odpor\u00fa\u010dame pr\u00edpravu alebo krat\u0161ie alternat\u00edvy. Ak si si neni ist\u00fd, zavolaj n\u00e1m.<\/p>\n<p>[\/et_pb_toggle][et_pb_toggle title=&#8220;4. Ako sa m\u00f4\u017eem prihl\u00e1si\u0165?&#8220; _builder_version=&#8220;4.27.4&#8243; _module_preset=&#8220;default&#8220; global_colors_info=&#8220;{}&#8220;]<\/p>\n<p>Registr\u00e1cia prebieha cez webov\u00fa str\u00e1nku, ktor\u00fa n\u00e1jde\u0161 v sekcii \u201eRegistr\u00e1cia\u201c.<\/p>\n<p>[\/et_pb_toggle][et_pb_toggle title=&#8220;5. Ak\u00e9 s\u00fa pravidl\u00e1 pretekov?&#8220; _builder_version=&#8220;4.27.4&#8243; _module_preset=&#8220;default&#8220; global_colors_info=&#8220;{}&#8220;]<\/p>\n<p>Podrobn\u00e9 pravidl\u00e1 n\u00e1jdete v sekcii \u201ePravidl\u00e1\u201c alebo v informa\u010dnom bal\u00ed\u010dku po registr\u00e1cii.<\/p>\n<p>[\/et_pb_toggle][et_pb_toggle title=&#8220;6. \u010co je zabezpe\u010den\u00e9 na trati?&#8220; _builder_version=&#8220;4.27.4&#8243; _module_preset=&#8220;default&#8220; global_colors_info=&#8220;{}&#8220;]<\/p>\n<p>Na trati s\u00fa ob\u010derstvovacie stanice, zna\u010denie a zdravotn\u00e1 slu\u017eba.<\/p>\n<p>[\/et_pb_toggle][\/et_pb_column][\/et_pb_row][et_pb_row _builder_version=&#8220;4.27.4&#8243; _module_preset=&#8220;default&#8220; global_colors_info=&#8220;{}&#8220;][et_pb_column type=&#8220;4_4&#8243; _builder_version=&#8220;4.27.4&#8243; _module_preset=&#8220;default&#8220; global_colors_info=&#8220;{}&#8220;][et_pb_text _builder_version=&#8220;4.27.4&#8243; _module_preset=&#8220;default&#8220; text_font=&#8220;|700|||||||&#8220; text_text_color=&#8220;#000000&#8243; text_font_size=&#8220;44px&#8220; locked=&#8220;off&#8220; global_colors_info=&#8220;{}&#8220;]<\/p>\n<p style=\"text-align: center;\">\u010eakujeme partnerom<\/p>\n<p>[\/et_pb_text][\/et_pb_column][\/et_pb_row][et_pb_row column_structure=&#8220;1_6,1_6,1_6,1_6,1_6,1_6&#8243; _builder_version=&#8220;4.27.4&#8243; _module_preset=&#8220;default&#8220; global_colors_info=&#8220;{}&#8220;][et_pb_column type=&#8220;1_6&#8243; _builder_version=&#8220;4.27.4&#8243; _module_preset=&#8220;default&#8220; global_colors_info=&#8220;{}&#8220;][et_pb_image src=&#8220;https:\/\/www.jarabskypolmaraton.sk\/wp-content\/uploads\/2025\/07\/dual_logo_transparent-scaled.png&#8220; title_text=&#8220;dual_logo_transparent&#8220; _builder_version=&#8220;4.27.4&#8243; _module_preset=&#8220;default&#8220; global_colors_info=&#8220;{}&#8220;][\/et_pb_image][\/et_pb_column][et_pb_column type=&#8220;1_6&#8243; _builder_version=&#8220;4.27.4&#8243; _module_preset=&#8220;default&#8220; global_colors_info=&#8220;{}&#8220;][et_pb_image src=&#8220;https:\/\/www.jarabskypolmaraton.sk\/wp-content\/uploads\/2025\/07\/DYNAFIT_logo_black-scaled.png&#8220; title_text=&#8220;DYNAFIT_logo_black&#8220; _builder_version=&#8220;4.27.4&#8243; _module_preset=&#8220;default&#8220; locked=&#8220;off&#8220; global_colors_info=&#8220;{}&#8220;][\/et_pb_image][\/et_pb_column][et_pb_column type=&#8220;1_6&#8243; _builder_version=&#8220;4.27.4&#8243; _module_preset=&#8220;default&#8220; global_colors_info=&#8220;{}&#8220;][et_pb_image src=&#8220;https:\/\/www.jarabskypolmaraton.sk\/wp-content\/uploads\/2025\/07\/julbo_logo-scaled.png&#8220; title_text=&#8220;julbo_logo&#8220; _builder_version=&#8220;4.27.4&#8243; _module_preset=&#8220;default&#8220; locked=&#8220;off&#8220; global_colors_info=&#8220;{}&#8220;][\/et_pb_image][\/et_pb_column][et_pb_column type=&#8220;1_6&#8243; _builder_version=&#8220;4.27.4&#8243; _module_preset=&#8220;default&#8220; global_colors_info=&#8220;{}&#8220;][et_pb_image src=&#8220;https:\/\/www.jarabskypolmaraton.sk\/wp-content\/uploads\/2025\/07\/brooks-logo-scaled.png&#8220; title_text=&#8220;brooks-logo&#8220; _builder_version=&#8220;4.27.4&#8243; _module_preset=&#8220;default&#8220; locked=&#8220;off&#8220; global_colors_info=&#8220;{}&#8220;][\/et_pb_image][\/et_pb_column][et_pb_column type=&#8220;1_6&#8243; _builder_version=&#8220;4.27.4&#8243; _module_preset=&#8220;default&#8220; global_colors_info=&#8220;{}&#8220;][et_pb_image src=&#8220;https:\/\/www.jarabskypolmaraton.sk\/wp-content\/uploads\/2025\/07\/buff-logo-png_seeklogo-301899.png&#8220; title_text=&#8220;buff-logo-png_seeklogo-301899&#8243; _builder_version=&#8220;4.27.4&#8243; _module_preset=&#8220;default&#8220; locked=&#8220;off&#8220; global_colors_info=&#8220;{}&#8220;][\/et_pb_image][\/et_pb_column][et_pb_column type=&#8220;1_6&#8243; _builder_version=&#8220;4.27.4&#8243; _module_preset=&#8220;default&#8220; global_colors_info=&#8220;{}&#8220;][et_pb_image src=&#8220;https:\/\/www.jarabskypolmaraton.sk\/wp-content\/uploads\/2025\/07\/brezno.jpg&#8220; title_text=&#8220;brezno&#8220; _builder_version=&#8220;4.27.4&#8243; _module_preset=&#8220;default&#8220; locked=&#8220;off&#8220; global_colors_info=&#8220;{}&#8220;][\/et_pb_image][\/et_pb_column][\/et_pb_row][et_pb_row column_structure=&#8220;1_6,1_6,1_6,1_6,1_6,1_6&#8243; _builder_version=&#8220;4.27.4&#8243; _module_preset=&#8220;default&#8220; global_colors_info=&#8220;{}&#8220;][et_pb_column type=&#8220;1_6&#8243; _builder_version=&#8220;4.27.4&#8243; _module_preset=&#8220;default&#8220; global_colors_info=&#8220;{}&#8220;][et_pb_image src=&#8220;https:\/\/www.jarabskypolmaraton.sk\/wp-content\/uploads\/2025\/07\/Quattro-Fratelli.jpg&#8220; title_text=&#8220;Quattro Fratelli&#8220; _builder_version=&#8220;4.27.4&#8243; _module_preset=&#8220;default&#8220; global_colors_info=&#8220;{}&#8220;][\/et_pb_image][\/et_pb_column][et_pb_column type=&#8220;1_6&#8243; _builder_version=&#8220;4.27.4&#8243; _module_preset=&#8220;default&#8220; global_colors_info=&#8220;{}&#8220;][et_pb_image src=&#8220;https:\/\/www.jarabskypolmaraton.sk\/wp-content\/uploads\/2025\/07\/saris.jpg&#8220; title_text=&#8220;saris&#8220; _builder_version=&#8220;4.27.4&#8243; _module_preset=&#8220;default&#8220; locked=&#8220;off&#8220; global_colors_info=&#8220;{}&#8220;][\/et_pb_image][\/et_pb_column][et_pb_column type=&#8220;1_6&#8243; _builder_version=&#8220;4.27.4&#8243; _module_preset=&#8220;default&#8220; global_colors_info=&#8220;{}&#8220;][et_pb_image src=&#8220;https:\/\/www.jarabskypolmaraton.sk\/wp-content\/uploads\/2025\/07\/zaber.jpg&#8220; title_text=&#8220;zaber&#8220; _builder_version=&#8220;4.27.4&#8243; _module_preset=&#8220;default&#8220; locked=&#8220;off&#8220; global_colors_info=&#8220;{}&#8220;][\/et_pb_image][\/et_pb_column][et_pb_column type=&#8220;1_6&#8243; _builder_version=&#8220;4.27.4&#8243; _module_preset=&#8220;default&#8220; global_colors_info=&#8220;{}&#8220;][et_pb_text _builder_version=&#8220;4.27.4&#8243; _module_preset=&#8220;default&#8220; text_font=&#8220;|700|||||||&#8220; text_font_size=&#8220;33px&#8220; text_line_height=&#8220;1.3em&#8220; text_orientation=&#8220;center&#8220; global_colors_info=&#8220;{}&#8220;]<\/p>\n<p>Marek Poliak<\/p>\n<p>[\/et_pb_text][\/et_pb_column][et_pb_column type=&#8220;1_6&#8243; _builder_version=&#8220;4.27.4&#8243; _module_preset=&#8220;default&#8220; global_colors_info=&#8220;{}&#8220;][et_pb_text _builder_version=&#8220;4.27.4&#8243; _module_preset=&#8220;default&#8220; text_font=&#8220;|700|||||||&#8220; text_font_size=&#8220;18px&#8220; text_line_height=&#8220;1.3em&#8220; text_orientation=&#8220;center&#8220; locked=&#8220;off&#8220; global_colors_info=&#8220;{}&#8220;]<\/p>\n<p>registrujsa.sk<\/p>\n<p>[\/et_pb_text][\/et_pb_column][et_pb_column type=&#8220;1_6&#8243; _builder_version=&#8220;4.27.4&#8243; _module_preset=&#8220;default&#8220; global_colors_info=&#8220;{}&#8220;][et_pb_text _builder_version=&#8220;4.27.4&#8243; _module_preset=&#8220;default&#8220; text_font=&#8220;|700|||||||&#8220; text_font_size=&#8220;33px&#8220; text_line_height=&#8220;1.3em&#8220; text_orientation=&#8220;center&#8220; locked=&#8220;off&#8220; global_colors_info=&#8220;{}&#8220;]<\/p>\n<p>Stylos Interi\u00e9r<\/p>\n<p>[\/et_pb_text][\/et_pb_column][\/et_pb_row][\/et_pb_section]<\/p>\n","protected":false},"excerpt":{"rendered":"<p>Be\u017eeck\u00e1 v\u00fdzva v srdci N\u00edzkych Tatier Vitajte na ofici\u00e1lnej str\u00e1nke Jarabsk\u00e9ho polmarat\u00f3nu \u2013 jedine\u010dn\u00e9ho horsk\u00e9ho behu, ktor\u00fd v\u00e1s zavedie do malebnej obce Jarab\u00e1 a n\u00e1dhern\u00e9ho centr\u00e1lneho hrebe\u0148a N\u00edzkych Tatier. Tento trailov\u00fd pretek (Sky Race) s d\u013a\u017ekou 22,1 km nie je len o v\u00fdkone, ale aj o z\u00e1\u017eitku. N\u00e1ro\u010dn\u00e1 trasa pln\u00e1 st\u00fapan\u00ed, klesan\u00ed a technick\u00e9ho ter\u00e9nu [&hellip;]<\/p>\n","protected":false},"author":1,"featured_media":0,"parent":0,"menu_order":0,"comment_status":"closed","ping_status":"closed","template":"","meta":{"_et_pb_use_builder":"on","_et_pb_old_content":"","_et_gb_content_width":"","footnotes":""},"class_list":["post-10","page","type-page","status-publish","hentry"],"yoast_head":"<!-- This site is optimized with the Yoast SEO plugin v25.7 - https:\/\/yoast.com\/wordpress\/plugins\/seo\/ -->\n<title>\u00davod - Jarabsk\u00fd Polmarat\u00f3n<\/title>\n<meta name=\"description\" content=\"Jarabsk\u00fd polmarat\u00f3n je be\u017eeck\u00fd trailov\u00fd pretek v N\u00edzkych Tatr\u00e1ch v Banskobystrickom kraji s trad\u00edciou od roku 2015.\" \/>\n<meta name=\"robots\" content=\"index, follow, max-snippet:-1, max-image-preview:large, max-video-preview:-1\" \/>\n<link rel=\"canonical\" href=\"https:\/\/www.jarabskypolmaraton.sk\/\" \/>\n<meta property=\"og:locale\" content=\"sk_SK\" \/>\n<meta property=\"og:type\" content=\"article\" \/>\n<meta property=\"og:title\" content=\"\u00davod - Jarabsk\u00fd Polmarat\u00f3n\" \/>\n<meta property=\"og:description\" content=\"Jarabsk\u00fd polmarat\u00f3n je be\u017eeck\u00fd trailov\u00fd pretek v N\u00edzkych Tatr\u00e1ch v Banskobystrickom kraji s trad\u00edciou od roku 2015.\" \/>\n<meta property=\"og:url\" content=\"https:\/\/www.jarabskypolmaraton.sk\/\" \/>\n<meta property=\"og:site_name\" content=\"Jarabsk\u00fd Polmarat\u00f3n\" \/>\n<meta property=\"article:publisher\" content=\"https:\/\/www.facebook.com\/jarabskypolmaraton\" \/>\n<meta property=\"article:modified_time\" content=\"2025-08-25T07:12:38+00:00\" \/>\n<meta name=\"twitter:card\" content=\"summary_large_image\" \/>\n<meta name=\"twitter:label1\" content=\"Predpokladan\u00fd \u010das \u010d\u00edtania\" \/>\n\t<meta name=\"twitter:data1\" content=\"8 min\u00fat\" \/>\n<script type=\"application\/ld+json\" class=\"yoast-schema-graph\">{\"@context\":\"https:\/\/schema.org\",\"@graph\":[{\"@type\":\"WebPage\",\"@id\":\"https:\/\/www.jarabskypolmaraton.sk\/\",\"url\":\"https:\/\/www.jarabskypolmaraton.sk\/\",\"name\":\"\u00davod - Jarabsk\u00fd Polmarat\u00f3n\",\"isPartOf\":{\"@id\":\"https:\/\/www.jarabskypolmaraton.sk\/#website\"},\"datePublished\":\"2025-01-21T14:25:10+00:00\",\"dateModified\":\"2025-08-25T07:12:38+00:00\",\"description\":\"Jarabsk\u00fd polmarat\u00f3n je be\u017eeck\u00fd trailov\u00fd pretek v N\u00edzkych Tatr\u00e1ch v Banskobystrickom kraji s trad\u00edciou od roku 2015.\",\"breadcrumb\":{\"@id\":\"https:\/\/www.jarabskypolmaraton.sk\/#breadcrumb\"},\"inLanguage\":\"sk-SK\",\"potentialAction\":[{\"@type\":\"ReadAction\",\"target\":[\"https:\/\/www.jarabskypolmaraton.sk\/\"]}]},{\"@type\":\"BreadcrumbList\",\"@id\":\"https:\/\/www.jarabskypolmaraton.sk\/#breadcrumb\",\"itemListElement\":[{\"@type\":\"ListItem\",\"position\":1,\"name\":\"Domovsk\u00e1 str\u00e1nka\",\"item\":\"https:\/\/www.jarabskypolmaraton.sk\/\"},{\"@type\":\"ListItem\",\"position\":2,\"name\":\"\u00davod\"}]},{\"@type\":\"WebSite\",\"@id\":\"https:\/\/www.jarabskypolmaraton.sk\/#website\",\"url\":\"https:\/\/www.jarabskypolmaraton.sk\/\",\"name\":\"Jarabsk\u00fd Polmarat\u00f3n\",\"description\":\"alebo cho\u010f ako m\u00f4\u017ee\u0161\",\"publisher\":{\"@id\":\"https:\/\/www.jarabskypolmaraton.sk\/#organization\"},\"potentialAction\":[{\"@type\":\"SearchAction\",\"target\":{\"@type\":\"EntryPoint\",\"urlTemplate\":\"https:\/\/www.jarabskypolmaraton.sk\/?s={search_term_string}\"},\"query-input\":{\"@type\":\"PropertyValueSpecification\",\"valueRequired\":true,\"valueName\":\"search_term_string\"}}],\"inLanguage\":\"sk-SK\"},{\"@type\":\"Organization\",\"@id\":\"https:\/\/www.jarabskypolmaraton.sk\/#organization\",\"name\":\"Jarabsk\u00fd Polmarat\u00f3n\",\"url\":\"https:\/\/www.jarabskypolmaraton.sk\/\",\"logo\":{\"@type\":\"ImageObject\",\"inLanguage\":\"sk-SK\",\"@id\":\"https:\/\/www.jarabskypolmaraton.sk\/#\/schema\/logo\/image\/\",\"url\":\"https:\/\/www.jarabskypolmaraton.sk\/wp-content\/uploads\/2025\/08\/jarabsky_logo_2025-scaled.png\",\"contentUrl\":\"https:\/\/www.jarabskypolmaraton.sk\/wp-content\/uploads\/2025\/08\/jarabsky_logo_2025-scaled.png\",\"width\":2560,\"height\":991,\"caption\":\"Jarabsk\u00fd Polmarat\u00f3n\"},\"image\":{\"@id\":\"https:\/\/www.jarabskypolmaraton.sk\/#\/schema\/logo\/image\/\"},\"sameAs\":[\"https:\/\/www.facebook.com\/jarabskypolmaraton\"]}]}<\/script>\n<!-- \/ Yoast SEO plugin. -->","yoast_head_json":{"title":"\u00davod - Jarabsk\u00fd Polmarat\u00f3n","description":"Jarabsk\u00fd polmarat\u00f3n je be\u017eeck\u00fd trailov\u00fd pretek v N\u00edzkych Tatr\u00e1ch v Banskobystrickom kraji s trad\u00edciou od roku 2015.","robots":{"index":"index","follow":"follow","max-snippet":"max-snippet:-1","max-image-preview":"max-image-preview:large","max-video-preview":"max-video-preview:-1"},"canonical":"https:\/\/www.jarabskypolmaraton.sk\/","og_locale":"sk_SK","og_type":"article","og_title":"\u00davod - Jarabsk\u00fd Polmarat\u00f3n","og_description":"Jarabsk\u00fd polmarat\u00f3n je be\u017eeck\u00fd trailov\u00fd pretek v N\u00edzkych Tatr\u00e1ch v Banskobystrickom kraji s trad\u00edciou od roku 2015.","og_url":"https:\/\/www.jarabskypolmaraton.sk\/","og_site_name":"Jarabsk\u00fd Polmarat\u00f3n","article_publisher":"https:\/\/www.facebook.com\/jarabskypolmaraton","article_modified_time":"2025-08-25T07:12:38+00:00","twitter_card":"summary_large_image","twitter_misc":{"Predpokladan\u00fd \u010das \u010d\u00edtania":"8 min\u00fat"},"schema":{"@context":"https:\/\/schema.org","@graph":[{"@type":"WebPage","@id":"https:\/\/www.jarabskypolmaraton.sk\/","url":"https:\/\/www.jarabskypolmaraton.sk\/","name":"\u00davod - Jarabsk\u00fd Polmarat\u00f3n","isPartOf":{"@id":"https:\/\/www.jarabskypolmaraton.sk\/#website"},"datePublished":"2025-01-21T14:25:10+00:00","dateModified":"2025-08-25T07:12:38+00:00","description":"Jarabsk\u00fd polmarat\u00f3n je be\u017eeck\u00fd trailov\u00fd pretek v N\u00edzkych Tatr\u00e1ch v Banskobystrickom kraji s trad\u00edciou od roku 2015.","breadcrumb":{"@id":"https:\/\/www.jarabskypolmaraton.sk\/#breadcrumb"},"inLanguage":"sk-SK","potentialAction":[{"@type":"ReadAction","target":["https:\/\/www.jarabskypolmaraton.sk\/"]}]},{"@type":"BreadcrumbList","@id":"https:\/\/www.jarabskypolmaraton.sk\/#breadcrumb","itemListElement":[{"@type":"ListItem","position":1,"name":"Domovsk\u00e1 str\u00e1nka","item":"https:\/\/www.jarabskypolmaraton.sk\/"},{"@type":"ListItem","position":2,"name":"\u00davod"}]},{"@type":"WebSite","@id":"https:\/\/www.jarabskypolmaraton.sk\/#website","url":"https:\/\/www.jarabskypolmaraton.sk\/","name":"Jarabsk\u00fd Polmarat\u00f3n","description":"alebo cho\u010f ako m\u00f4\u017ee\u0161","publisher":{"@id":"https:\/\/www.jarabskypolmaraton.sk\/#organization"},"potentialAction":[{"@type":"SearchAction","target":{"@type":"EntryPoint","urlTemplate":"https:\/\/www.jarabskypolmaraton.sk\/?s={search_term_string}"},"query-input":{"@type":"PropertyValueSpecification","valueRequired":true,"valueName":"search_term_string"}}],"inLanguage":"sk-SK"},{"@type":"Organization","@id":"https:\/\/www.jarabskypolmaraton.sk\/#organization","name":"Jarabsk\u00fd Polmarat\u00f3n","url":"https:\/\/www.jarabskypolmaraton.sk\/","logo":{"@type":"ImageObject","inLanguage":"sk-SK","@id":"https:\/\/www.jarabskypolmaraton.sk\/#\/schema\/logo\/image\/","url":"https:\/\/www.jarabskypolmaraton.sk\/wp-content\/uploads\/2025\/08\/jarabsky_logo_2025-scaled.png","contentUrl":"https:\/\/www.jarabskypolmaraton.sk\/wp-content\/uploads\/2025\/08\/jarabsky_logo_2025-scaled.png","width":2560,"height":991,"caption":"Jarabsk\u00fd Polmarat\u00f3n"},"image":{"@id":"https:\/\/www.jarabskypolmaraton.sk\/#\/schema\/logo\/image\/"},"sameAs":["https:\/\/www.facebook.com\/jarabskypolmaraton"]}]}},"_links":{"self":[{"href":"https:\/\/www.jarabskypolmaraton.sk\/index.php?rest_route=\/wp\/v2\/pages\/10","targetHints":{"allow":["GET"]}}],"collection":[{"href":"https:\/\/www.jarabskypolmaraton.sk\/index.php?rest_route=\/wp\/v2\/pages"}],"about":[{"href":"https:\/\/www.jarabskypolmaraton.sk\/index.php?rest_route=\/wp\/v2\/types\/page"}],"author":[{"embeddable":true,"href":"https:\/\/www.jarabskypolmaraton.sk\/index.php?rest_route=\/wp\/v2\/users\/1"}],"replies":[{"embeddable":true,"href":"https:\/\/www.jarabskypolmaraton.sk\/index.php?rest_route=%2Fwp%2Fv2%2Fcomments&post=10"}],"version-history":[{"count":40,"href":"https:\/\/www.jarabskypolmaraton.sk\/index.php?rest_route=\/wp\/v2\/pages\/10\/revisions"}],"predecessor-version":[{"id":143,"href":"https:\/\/www.jarabskypolmaraton.sk\/index.php?rest_route=\/wp\/v2\/pages\/10\/revisions\/143"}],"wp:attachment":[{"href":"https:\/\/www.jarabskypolmaraton.sk\/index.php?rest_route=%2Fwp%2Fv2%2Fmedia&parent=10"}],"curies":[{"name":"wp","href":"https:\/\/api.w.org\/{rel}","templated":true}]}}